{"id":80,"date":"2023-07-27T04:59:21","date_gmt":"2023-07-27T04:59:21","guid":{"rendered":"https:\/\/impuls-pflegedienst.de\/?page_id=80"},"modified":"2023-09-13T08:16:46","modified_gmt":"2023-09-13T08:16:46","slug":"ueber-uns-2","status":"publish","type":"page","link":"https:\/\/impuls-pflegedienst.de\/?page_id=80","title":{"rendered":"\u00dcber uns"},"content":{"rendered":"\t\t<div data-elementor-type=\"wp-page\" data-elementor-id=\"80\" class=\"elementor elementor-80\" data-elementor-post-type=\"page\">\n\t\t\t\t\t\t<section class=\"elementor-section elementor-top-section elementor-element elementor-element-61cb93de elementor-section-height-min-height elementor-section-boxed elementor-section-height-default elementor-section-items-middle\" data-id=\"61cb93de\" data-element_type=\"section\" data-e-type=\"section\" data-settings=\"{&quot;background_background&quot;:&quot;classic&quot;}\">\n\t\t\t\t\t\t\t<div class=\"elementor-background-overlay\"><\/div>\n\t\t\t\t\t\t\t<div class=\"elementor-container elementor-column-gap-default\">\n\t\t\t\t\t<div class=\"elementor-column elementor-col-100 elementor-top-column elementor-element elementor-element-42130aa\" data-id=\"42130aa\" data-element_type=\"column\" data-e-type=\"column\">\n\t\t\t<div class=\"elementor-widget-wrap elementor-element-populated\">\n\t\t\t\t\t\t<div class=\"elementor-element elementor-element-132efd83 de_scroll_animation_no elementor-invisible elementor-widget elementor-widget-heading\" data-id=\"132efd83\" data-element_type=\"widget\" data-e-type=\"widget\" data-settings=\"{&quot;_animation&quot;:&quot;fadeInUp&quot;}\" data-widget_type=\"heading.default\">\n\t\t\t\t<div class=\"elementor-widget-container\">\n\t\t\t\t\t<h2 class=\"elementor-heading-title elementor-size-default\">\u00dcber uns<\/h2>\t\t\t\t<\/div>\n\t\t\t\t<\/div>\n\t\t\t\t\t<\/div>\n\t\t<\/div>\n\t\t\t\t\t<\/div>\n\t\t<\/section>\n\t\t\t\t<section class=\"elementor-section elementor-top-section elementor-element elementor-element-427644cc elementor-reverse-tablet elementor-reverse-mobile elementor-section-boxed elementor-section-height-default elementor-section-height-default\" data-id=\"427644cc\" data-element_type=\"section\" data-e-type=\"section\">\n\t\t\t\t\t\t<div class=\"elementor-container elementor-column-gap-default\">\n\t\t\t\t\t<div class=\"elementor-column elementor-col-100 elementor-top-column elementor-element elementor-element-698d1814\" data-id=\"698d1814\" data-element_type=\"column\" data-e-type=\"column\">\n\t\t\t<div class=\"elementor-widget-wrap elementor-element-populated\">\n\t\t\t\t\t\t<div class=\"elementor-element elementor-element-6c07fde4 elementor-widget__width-auto de_scroll_animation_no elementor-invisible elementor-widget elementor-widget-elementskit-header-info\" data-id=\"6c07fde4\" data-element_type=\"widget\" data-e-type=\"widget\" data-settings=\"{&quot;_animation&quot;:&quot;fadeInUp&quot;}\" data-widget_type=\"elementskit-header-info.default\">\n\t\t\t\t<div class=\"elementor-widget-container\">\n\t\t\t\t\t<div class=\"ekit-wid-con\" >        <ul class=\"ekit-header-info\">\n                                    <li>\n                            <a > \n                                <i aria-hidden=\"true\" class=\"icon icon-heart-pulse\"><\/i>                                Wir stehen f\u00fcr                             <\/a>\n                        <\/li>\n\n                            <\/ul>\n        <\/div>\t\t\t\t<\/div>\n\t\t\t\t<\/div>\n\t\t\t\t<div class=\"elementor-element elementor-element-18617e87 de_scroll_animation_no elementor-invisible elementor-widget elementor-widget-heading\" data-id=\"18617e87\" data-element_type=\"widget\" data-e-type=\"widget\" data-settings=\"{&quot;_animation&quot;:&quot;fadeInUp&quot;,&quot;_animation_delay&quot;:200}\" data-widget_type=\"heading.default\">\n\t\t\t\t<div class=\"elementor-widget-container\">\n\t\t\t\t\t<h2 class=\"elementor-heading-title elementor-size-default\">Leidenschaft und Einsatz in der Pflege unserer Mitmenschen<\/h2>\t\t\t\t<\/div>\n\t\t\t\t<\/div>\n\t\t\t\t<div class=\"elementor-element elementor-element-4db52db7 de_scroll_animation_no elementor-invisible elementor-widget elementor-widget-text-editor\" data-id=\"4db52db7\" data-element_type=\"widget\" data-e-type=\"widget\" data-settings=\"{&quot;_animation&quot;:&quot;fadeInUp&quot;,&quot;_animation_delay&quot;:400}\" data-widget_type=\"text-editor.default\">\n\t\t\t\t<div class=\"elementor-widget-container\">\n\t\t\t\t\t\t\t\t\t<p><span style=\"font-weight: 400;\">Unser Team besteht aus hochqualifizierten und engagierten Pflegekr\u00e4ften, die sich leidenschaftlich f\u00fcr die ambulante Pflege und das Wohlbefinden unserer Patienten einsetzen. Jedes Mitglied unseres Teams bringt einzigartige Erfahrungen, F\u00e4higkeiten und eine gemeinsame Vision mit, um eine qualitativ hochwertige Pflege und Unterst\u00fctzung zu gew\u00e4hrleisten.<\/span><\/p>\t\t\t\t\t\t\t\t<\/div>\n\t\t\t\t<\/div>\n\t\t\t\t<section class=\"elementor-section elementor-inner-section elementor-element elementor-element-4bf52fe elementor-section-boxed elementor-section-height-default elementor-section-height-default\" data-id=\"4bf52fe\" data-element_type=\"section\" data-e-type=\"section\">\n\t\t\t\t\t\t<div class=\"elementor-container elementor-column-gap-default\">\n\t\t\t\t\t<div class=\"elementor-column elementor-col-50 elementor-inner-column elementor-element elementor-element-3c59024a elementor-invisible\" data-id=\"3c59024a\" data-element_type=\"column\" data-e-type=\"column\" data-settings=\"{&quot;animation&quot;:&quot;fadeInUp&quot;,&quot;animation_delay&quot;:600}\">\n\t\t\t<div class=\"elementor-widget-wrap elementor-element-populated\">\n\t\t\t\t\t\t<div class=\"elementor-element elementor-element-4ac0dee7 elementor-view-stacked elementor-shape-square elementor-position-block-start elementor-mobile-position-block-start de_scroll_animation_no elementor-widget elementor-widget-icon-box\" data-id=\"4ac0dee7\" data-element_type=\"widget\" data-e-type=\"widget\" data-widget_type=\"icon-box.default\">\n\t\t\t\t<div class=\"elementor-widget-container\">\n\t\t\t\t\t\t\t<div class=\"elementor-icon-box-wrapper\">\n\n\t\t\t\t\t\t<div class=\"elementor-icon-box-icon\">\n\t\t\t\t<a href=\"#\" class=\"elementor-icon\" tabindex=\"-1\" aria-label=\"Solide Ausbildung\">\n\t\t\t\t<i aria-hidden=\"true\" class=\"fas fa-check\"><\/i>\t\t\t\t<\/a>\n\t\t\t<\/div>\n\t\t\t\n\t\t\t\t\t\t<div class=\"elementor-icon-box-content\">\n\n\t\t\t\t\t\t\t\t\t<h3 class=\"elementor-icon-box-title\">\n\t\t\t\t\t\t<a href=\"#\" >\n\t\t\t\t\t\t\tSolide Ausbildung\t\t\t\t\t\t<\/a>\n\t\t\t\t\t<\/h3>\n\t\t\t\t\n\t\t\t\t\t\t\t\t\t<p class=\"elementor-icon-box-description\">\n\t\t\t\t\t\tUnsere Pflegekr\u00e4fte verf\u00fcgen \u00fcber umfassende Ausbildungen und Qualifikationen in der Krankenpflege, Altenpflege oder Gesundheits- und Krankenpflegehilfe. Sie sind bestens ausgebildet, um eine Vielzahl von pflegerischen Aufgaben zu erf\u00fcllen und individuelle Bed\u00fcrfnisse zu ber\u00fccksichtigen. Regelm\u00e4\u00dfige Fortbildungen und Schulungen sorgen daf\u00fcr, dass unser Team stets auf dem neuesten Stand der Pflegepraktiken und -richtlinien ist.\n\t\t\t\t\t<\/p>\n\t\t\t\t\n\t\t\t<\/div>\n\t\t\t\n\t\t<\/div>\n\t\t\t\t\t\t<\/div>\n\t\t\t\t<\/div>\n\t\t\t\t\t<\/div>\n\t\t<\/div>\n\t\t\t\t<div class=\"elementor-column elementor-col-50 elementor-inner-column elementor-element elementor-element-4e4650eb elementor-invisible\" data-id=\"4e4650eb\" data-element_type=\"column\" data-e-type=\"column\" data-settings=\"{&quot;animation&quot;:&quot;fadeInUp&quot;,&quot;animation_delay&quot;:700}\">\n\t\t\t<div class=\"elementor-widget-wrap elementor-element-populated\">\n\t\t\t\t\t\t<div class=\"elementor-element elementor-element-684dca64 elementor-view-stacked elementor-shape-square elementor-position-block-start elementor-mobile-position-block-start de_scroll_animation_no elementor-widget elementor-widget-icon-box\" data-id=\"684dca64\" data-element_type=\"widget\" data-e-type=\"widget\" data-widget_type=\"icon-box.default\">\n\t\t\t\t<div class=\"elementor-widget-container\">\n\t\t\t\t\t\t\t<div class=\"elementor-icon-box-wrapper\">\n\n\t\t\t\t\t\t<div class=\"elementor-icon-box-icon\">\n\t\t\t\t<a href=\"#\" class=\"elementor-icon\" tabindex=\"-1\" aria-label=\"Patientennahe Betreuung\">\n\t\t\t\t<i aria-hidden=\"true\" class=\"fas fa-check\"><\/i>\t\t\t\t<\/a>\n\t\t\t<\/div>\n\t\t\t\n\t\t\t\t\t\t<div class=\"elementor-icon-box-content\">\n\n\t\t\t\t\t\t\t\t\t<h3 class=\"elementor-icon-box-title\">\n\t\t\t\t\t\t<a href=\"#\" >\n\t\t\t\t\t\t\tPatientennahe Betreuung\t\t\t\t\t\t<\/a>\n\t\t\t\t\t<\/h3>\n\t\t\t\t\n\t\t\t\t\t\t\t\t\t<p class=\"elementor-icon-box-description\">\n\t\t\t\t\t\tWir legen gro\u00dfen Wert auf die zwischenmenschliche Komponente der Pflege. Alle Mitglieder unseres Teams sind professionell und einf\u00fchlsam, Sie zeigen Freude am Umgang mit Menschen und haben eine wertsch\u00e4tzende Haltung im Umgang mit unseren Klienten. Wir verstehen, dass Pflege nicht nur medizinische Ma\u00dfnahmen umfasst, sondern auch eine Unterst\u00fctzung im Alltag und ein offenes Ohr f\u00fcr die Bed\u00fcrfnisse und Anliegen unserer Klienten bedeutet.\n\t\t\t\t\t<\/p>\n\t\t\t\t\n\t\t\t<\/div>\n\t\t\t\n\t\t<\/div>\n\t\t\t\t\t\t<\/div>\n\t\t\t\t<\/div>\n\t\t\t\t\t<\/div>\n\t\t<\/div>\n\t\t\t\t\t<\/div>\n\t\t<\/section>\n\t\t\t\t<section class=\"elementor-section elementor-inner-section elementor-element elementor-element-8d51da5 elementor-section-boxed elementor-section-height-default elementor-section-height-default\" data-id=\"8d51da5\" data-element_type=\"section\" data-e-type=\"section\">\n\t\t\t\t\t\t<div class=\"elementor-container elementor-column-gap-default\">\n\t\t\t\t\t<div class=\"elementor-column elementor-col-50 elementor-inner-column elementor-element elementor-element-57ce793 elementor-invisible\" data-id=\"57ce793\" data-element_type=\"column\" data-e-type=\"column\" data-settings=\"{&quot;animation&quot;:&quot;fadeInUp&quot;,&quot;animation_delay&quot;:600}\">\n\t\t\t<div class=\"elementor-widget-wrap elementor-element-populated\">\n\t\t\t\t\t\t<div class=\"elementor-element elementor-element-08f1420 elementor-view-stacked elementor-shape-square elementor-position-block-start elementor-mobile-position-block-start de_scroll_animation_no elementor-widget elementor-widget-icon-box\" data-id=\"08f1420\" data-element_type=\"widget\" data-e-type=\"widget\" data-widget_type=\"icon-box.default\">\n\t\t\t\t<div class=\"elementor-widget-container\">\n\t\t\t\t\t\t\t<div class=\"elementor-icon-box-wrapper\">\n\n\t\t\t\t\t\t<div class=\"elementor-icon-box-icon\">\n\t\t\t\t<a href=\"#\" class=\"elementor-icon\" tabindex=\"-1\" aria-label=\"Kommunikation und Individualit\u00e4t\">\n\t\t\t\t<i aria-hidden=\"true\" class=\"fas fa-check\"><\/i>\t\t\t\t<\/a>\n\t\t\t<\/div>\n\t\t\t\n\t\t\t\t\t\t<div class=\"elementor-icon-box-content\">\n\n\t\t\t\t\t\t\t\t\t<h3 class=\"elementor-icon-box-title\">\n\t\t\t\t\t\t<a href=\"#\" >\n\t\t\t\t\t\t\tKommunikation und Individualit\u00e4t\t\t\t\t\t\t<\/a>\n\t\t\t\t\t<\/h3>\n\t\t\t\t\n\t\t\t\t\t\t\t\t\t<p class=\"elementor-icon-box-description\">\n\t\t\t\t\t\tDie Zusammenarbeit mit unseren Klienten und deren Angeh\u00f6rigen ist f\u00fcr uns von gro\u00dfer Bedeutung. Wir setzen auf eine offene Kommunikation und den Austausch von Informationen, um eine individuelle und bedarfsgerechte Pflege zu erm\u00f6glichen. Wir nehmen uns die Zeit, unsere Klienten kennenzulernen, ihre W\u00fcnsche und Bed\u00fcrfnisse zu verstehen und einen vertrauensvollen und respektvollen Umgang aufzubauen.\nUnser Team arbeitet Hand in Hand, um sicherzustellen, dass jeder Klient die bestm\u00f6gliche Pflege und Unterst\u00fctzung erh\u00e4lt. Wir sch\u00e4tzen die Vielfalt und das Fachwissen jedes einzelnen Teammitglieds und f\u00f6rdern eine positive Arbeitsatmosph\u00e4re, in der Zusammenarbeit und Teamgeist im Vordergrund stehen.\n\t\t\t\t\t<\/p>\n\t\t\t\t\n\t\t\t<\/div>\n\t\t\t\n\t\t<\/div>\n\t\t\t\t\t\t<\/div>\n\t\t\t\t<\/div>\n\t\t\t\t\t<\/div>\n\t\t<\/div>\n\t\t\t\t<div class=\"elementor-column elementor-col-50 elementor-inner-column elementor-element elementor-element-0c2f0e8 elementor-invisible\" data-id=\"0c2f0e8\" data-element_type=\"column\" data-e-type=\"column\" data-settings=\"{&quot;animation&quot;:&quot;fadeInUp&quot;,&quot;animation_delay&quot;:700}\">\n\t\t\t<div class=\"elementor-widget-wrap elementor-element-populated\">\n\t\t\t\t\t\t<div class=\"elementor-element elementor-element-b4c6f53 elementor-view-stacked elementor-shape-square elementor-position-block-start elementor-mobile-position-block-start de_scroll_animation_no elementor-widget elementor-widget-icon-box\" data-id=\"b4c6f53\" data-element_type=\"widget\" data-e-type=\"widget\" data-widget_type=\"icon-box.default\">\n\t\t\t\t<div class=\"elementor-widget-container\">\n\t\t\t\t\t\t\t<div class=\"elementor-icon-box-wrapper\">\n\n\t\t\t\t\t\t<div class=\"elementor-icon-box-icon\">\n\t\t\t\t<a href=\"#\" class=\"elementor-icon\" tabindex=\"-1\" aria-label=\"Qualit\u00e4t und Vertrauen\">\n\t\t\t\t<i aria-hidden=\"true\" class=\"fas fa-check\"><\/i>\t\t\t\t<\/a>\n\t\t\t<\/div>\n\t\t\t\n\t\t\t\t\t\t<div class=\"elementor-icon-box-content\">\n\n\t\t\t\t\t\t\t\t\t<h3 class=\"elementor-icon-box-title\">\n\t\t\t\t\t\t<a href=\"#\" >\n\t\t\t\t\t\t\tQualit\u00e4t und Vertrauen\t\t\t\t\t\t<\/a>\n\t\t\t\t\t<\/h3>\n\t\t\t\t\n\t\t\t\t\t\t\t\t\t<p class=\"elementor-icon-box-description\">\n\t\t\t\t\t\tGemeinsam streben wir danach, die Lebensqualit\u00e4t unserer Klienten zu verbessern und ihnen ein selbstbestimmtes Leben in ihrer vertrauten Umgebung zu erm\u00f6glichen. Wir sind stolz auf die Arbeit, die wir leisten, und darauf, ein Teil des Lebenswegs unserer Klienten und ihrer Familien zu sein.\nDas Vertrauen verst\u00e4rkt sich durch gleichbleibende Pflegekr\u00e4fte.\nWenn Sie Fragen haben oder weitere Informationen \u00fcber unser Team erhalten m\u00f6chten, stehen wir Ihnen gerne zur Verf\u00fcgung.\n\t\t\t\t\t<\/p>\n\t\t\t\t\n\t\t\t<\/div>\n\t\t\t\n\t\t<\/div>\n\t\t\t\t\t\t<\/div>\n\t\t\t\t<\/div>\n\t\t\t\t\t<\/div>\n\t\t<\/div>\n\t\t\t\t\t<\/div>\n\t\t<\/section>\n\t\t\t\t<section class=\"elementor-section elementor-inner-section elementor-element elementor-element-2e6971fb elementor-section-boxed elementor-section-height-default elementor-section-height-default elementor-invisible\" data-id=\"2e6971fb\" data-element_type=\"section\" data-e-type=\"section\" data-settings=\"{&quot;animation&quot;:&quot;fadeIn&quot;}\">\n\t\t\t\t\t\t<div class=\"elementor-container elementor-column-gap-default\">\n\t\t\t\t\t<div class=\"elementor-column elementor-col-50 elementor-inner-column elementor-element elementor-element-2a8713b3\" data-id=\"2a8713b3\" data-element_type=\"column\" data-e-type=\"column\" data-settings=\"{&quot;background_background&quot;:&quot;classic&quot;}\">\n\t\t\t<div class=\"elementor-widget-wrap elementor-element-populated\">\n\t\t\t\t\t\t<div class=\"elementor-element elementor-element-3fc316c de_scroll_animation_no elementor-widget elementor-widget-image\" data-id=\"3fc316c\" data-element_type=\"widget\" data-e-type=\"widget\" data-widget_type=\"image.default\">\n\t\t\t\t<div class=\"elementor-widget-container\">\n\t\t\t\t\t\t\t\t\t\t\t\t\t\t\t<img fetchpriority=\"high\" decoding=\"async\" width=\"1600\" height=\"1200\" src=\"https:\/\/impuls-pflegedienst.de\/wp-content\/uploads\/2023\/07\/IMG-20230619-WA0023.jpg\" class=\"attachment-full size-full wp-image-208\" alt=\"\" srcset=\"https:\/\/impuls-pflegedienst.de\/wp-content\/uploads\/2023\/07\/IMG-20230619-WA0023.jpg 1600w, https:\/\/impuls-pflegedienst.de\/wp-content\/uploads\/2023\/07\/IMG-20230619-WA0023-300x225.jpg 300w, https:\/\/impuls-pflegedienst.de\/wp-content\/uploads\/2023\/07\/IMG-20230619-WA0023-1024x768.jpg 1024w, https:\/\/impuls-pflegedienst.de\/wp-content\/uploads\/2023\/07\/IMG-20230619-WA0023-768x576.jpg 768w, https:\/\/impuls-pflegedienst.de\/wp-content\/uploads\/2023\/07\/IMG-20230619-WA0023-1536x1152.jpg 1536w\" sizes=\"(max-width: 1600px) 100vw, 1600px\" \/>\t\t\t\t\t\t\t\t\t\t\t\t\t\t\t<\/div>\n\t\t\t\t<\/div>\n\t\t\t\t\t<\/div>\n\t\t<\/div>\n\t\t\t\t<div class=\"elementor-column elementor-col-50 elementor-inner-column elementor-element elementor-element-96a85b4\" data-id=\"96a85b4\" data-element_type=\"column\" data-e-type=\"column\" data-settings=\"{&quot;background_background&quot;:&quot;classic&quot;}\">\n\t\t\t<div class=\"elementor-widget-wrap elementor-element-populated\">\n\t\t\t\t\t\t<div class=\"elementor-element elementor-element-e0f5b59 de_scroll_animation_no elementor-widget elementor-widget-image\" data-id=\"e0f5b59\" data-element_type=\"widget\" data-e-type=\"widget\" data-widget_type=\"image.default\">\n\t\t\t\t<div class=\"elementor-widget-container\">\n\t\t\t\t\t\t\t\t\t\t\t\t\t\t\t<img decoding=\"async\" width=\"1476\" height=\"1434\" src=\"https:\/\/impuls-pflegedienst.de\/wp-content\/uploads\/2023\/09\/Bildschirmfoto-2023-09-13-um-10.14.01.png\" class=\"attachment-full size-full wp-image-543\" alt=\"\" srcset=\"https:\/\/impuls-pflegedienst.de\/wp-content\/uploads\/2023\/09\/Bildschirmfoto-2023-09-13-um-10.14.01.png 1476w, https:\/\/impuls-pflegedienst.de\/wp-content\/uploads\/2023\/09\/Bildschirmfoto-2023-09-13-um-10.14.01-300x291.png 300w, https:\/\/impuls-pflegedienst.de\/wp-content\/uploads\/2023\/09\/Bildschirmfoto-2023-09-13-um-10.14.01-1024x995.png 1024w, https:\/\/impuls-pflegedienst.de\/wp-content\/uploads\/2023\/09\/Bildschirmfoto-2023-09-13-um-10.14.01-768x746.png 768w\" sizes=\"(max-width: 1476px) 100vw, 1476px\" \/>\t\t\t\t\t\t\t\t\t\t\t\t\t\t\t<\/div>\n\t\t\t\t<\/div>\n\t\t\t\t<div class=\"elementor-element elementor-element-a2f56b4 de_scroll_animation_no elementor-widget elementor-widget-image\" data-id=\"a2f56b4\" data-element_type=\"widget\" data-e-type=\"widget\" data-widget_type=\"image.default\">\n\t\t\t\t<div class=\"elementor-widget-container\">\n\t\t\t\t\t\t\t\t\t\t\t\t\t\t\t<img decoding=\"async\" width=\"2188\" height=\"1840\" src=\"https:\/\/impuls-pflegedienst.de\/wp-content\/uploads\/2023\/09\/Bildschirmfoto-2023-09-13-um-10.15.16.png\" class=\"attachment-full size-full wp-image-544\" alt=\"\" srcset=\"https:\/\/impuls-pflegedienst.de\/wp-content\/uploads\/2023\/09\/Bildschirmfoto-2023-09-13-um-10.15.16.png 2188w, https:\/\/impuls-pflegedienst.de\/wp-content\/uploads\/2023\/09\/Bildschirmfoto-2023-09-13-um-10.15.16-300x252.png 300w, https:\/\/impuls-pflegedienst.de\/wp-content\/uploads\/2023\/09\/Bildschirmfoto-2023-09-13-um-10.15.16-1024x861.png 1024w, https:\/\/impuls-pflegedienst.de\/wp-content\/uploads\/2023\/09\/Bildschirmfoto-2023-09-13-um-10.15.16-768x646.png 768w, https:\/\/impuls-pflegedienst.de\/wp-content\/uploads\/2023\/09\/Bildschirmfoto-2023-09-13-um-10.15.16-1536x1292.png 1536w, https:\/\/impuls-pflegedienst.de\/wp-content\/uploads\/2023\/09\/Bildschirmfoto-2023-09-13-um-10.15.16-2048x1722.png 2048w\" sizes=\"(max-width: 2188px) 100vw, 2188px\" \/>\t\t\t\t\t\t\t\t\t\t\t\t\t\t\t<\/div>\n\t\t\t\t<\/div>\n\t\t\t\t\t<\/div>\n\t\t<\/div>\n\t\t\t\t\t<\/div>\n\t\t<\/section>\n\t\t\t\t\t<\/div>\n\t\t<\/div>\n\t\t\t\t\t<\/div>\n\t\t<\/section>\n\t\t\t\t<section class=\"elementor-section elementor-top-section elementor-element elementor-element-1783e90f elementor-section-boxed elementor-section-height-default elementor-section-height-default elementor-invisible\" data-id=\"1783e90f\" data-element_type=\"section\" data-e-type=\"section\" data-settings=\"{&quot;animation&quot;:&quot;fadeInUp&quot;}\">\n\t\t\t\t\t\t<div class=\"elementor-container elementor-column-gap-default\">\n\t\t\t\t\t<div class=\"elementor-column elementor-col-100 elementor-top-column elementor-element elementor-element-8e04bfb\" data-id=\"8e04bfb\" data-element_type=\"column\" data-e-type=\"column\" data-settings=\"{&quot;background_background&quot;:&quot;classic&quot;}\">\n\t\t\t<div class=\"elementor-widget-wrap elementor-element-populated\">\n\t\t\t\t\t\t<div class=\"elementor-element elementor-element-f5564b8 de_scroll_animation_no elementor-widget elementor-widget-text-editor\" data-id=\"f5564b8\" data-element_type=\"widget\" data-e-type=\"widget\" data-widget_type=\"text-editor.default\">\n\t\t\t\t<div class=\"elementor-widget-container\">\n\t\t\t\t\t\t\t\t\t<p>Werde Teil unseres Teams<\/p>\t\t\t\t\t\t\t\t<\/div>\n\t\t\t\t<\/div>\n\t\t\t\t<div class=\"elementor-element elementor-element-46c4227a de_scroll_animation_no elementor-widget elementor-widget-heading\" data-id=\"46c4227a\" data-element_type=\"widget\" data-e-type=\"widget\" data-widget_type=\"heading.default\">\n\t\t\t\t<div class=\"elementor-widget-container\">\n\t\t\t\t\t<h2 class=\"elementor-heading-title elementor-size-default\">Jetzt Jobs ansehen und bewerben<\/h2>\t\t\t\t<\/div>\n\t\t\t\t<\/div>\n\t\t\t\t<div class=\"elementor-element elementor-element-59a28521 elementor-align-center de_scroll_animation_no elementor-widget elementor-widget-button\" data-id=\"59a28521\" data-element_type=\"widget\" data-e-type=\"widget\" data-widget_type=\"button.default\">\n\t\t\t\t<div class=\"elementor-widget-container\">\n\t\t\t\t\t\t\t\t\t<div class=\"elementor-button-wrapper\">\n\t\t\t\t\t<a class=\"elementor-button elementor-button-link elementor-size-sm\" href=\"https:\/\/impuls-pflegedienst.de\/?page_id=88\">\n\t\t\t\t\t\t<span class=\"elementor-button-content-wrapper\">\n\t\t\t\t\t\t\t\t\t<span class=\"elementor-button-text\">Jobs ansehen<\/span>\n\t\t\t\t\t<\/span>\n\t\t\t\t\t<\/a>\n\t\t\t\t<\/div>\n\t\t\t\t\t\t\t\t<\/div>\n\t\t\t\t<\/div>\n\t\t\t\t\t<\/div>\n\t\t<\/div>\n\t\t\t\t\t<\/div>\n\t\t<\/section>\n\t\t\t\t<\/div>\n\t\t","protected":false},"excerpt":{"rendered":"<p>\u00dcber uns Wir stehen f\u00fcr Leidenschaft und Einsatz in der Pflege unserer Mitmenschen Unser Team besteht aus hochqualifizierten und engagierten Pflegekr\u00e4ften, die sich leidenschaftlich f\u00fcr die ambulante Pflege und das Wohlbefinden unserer Patienten einsetzen. Jedes Mitglied unseres Teams bringt einzigartige Erfahrungen, F\u00e4higkeiten und eine gemeinsame Vision mit, um eine qualitativ hochwertige Pflege und Unterst\u00fctzung zu [&hellip;]<\/p>\n","protected":false},"author":1,"featured_media":0,"parent":0,"menu_order":0,"comment_status":"closed","ping_status":"closed","template":"elementor_header_footer","meta":{"footnotes":""},"class_list":["post-80","page","type-page","status-publish","hentry"],"_links":{"self":[{"href":"https:\/\/impuls-pflegedienst.de\/index.php?rest_route=\/wp\/v2\/pages\/80","targetHints":{"allow":["GET"]}}],"collection":[{"href":"https:\/\/impuls-pflegedienst.de\/index.php?rest_route=\/wp\/v2\/pages"}],"about":[{"href":"https:\/\/impuls-pflegedienst.de\/index.php?rest_route=\/wp\/v2\/types\/page"}],"author":[{"embeddable":true,"href":"https:\/\/impuls-pflegedienst.de\/index.php?rest_route=\/wp\/v2\/users\/1"}],"replies":[{"embeddable":true,"href":"https:\/\/impuls-pflegedienst.de\/index.php?rest_route=%2Fwp%2Fv2%2Fcomments&post=80"}],"version-history":[{"count":34,"href":"https:\/\/impuls-pflegedienst.de\/index.php?rest_route=\/wp\/v2\/pages\/80\/revisions"}],"predecessor-version":[{"id":554,"href":"https:\/\/impuls-pflegedienst.de\/index.php?rest_route=\/wp\/v2\/pages\/80\/revisions\/554"}],"wp:attachment":[{"href":"https:\/\/impuls-pflegedienst.de\/index.php?rest_route=%2Fwp%2Fv2%2Fmedia&parent=80"}],"curies":[{"name":"wp","href":"https:\/\/api.w.org\/{rel}","templated":true}]}}